{"id":52,"date":"2022-12-29T00:02:11","date_gmt":"2022-12-29T00:02:11","guid":{"rendered":"https:\/\/agropecuariadoreino.com.br\/?page_id=52"},"modified":"2023-01-06T08:42:53","modified_gmt":"2023-01-06T11:42:53","slug":"nelore","status":"publish","type":"page","link":"https:\/\/agropecuariadoreino.com.br\/?page_id=52","title":{"rendered":"Nelore"},"content":{"rendered":"<div class=\"header-blog\">\n<h1 style=\"text-align: center;\">Nelore: tudo o que voc\u00ea precisa saber sobre a ra\u00e7a<\/h1>\n<div class=\"date-time-card\" style=\"text-align: center;\"><strong class=\"excerpt_post\" style=\"font-size: 1rem;\">A ra\u00e7a bovina Nelore representa boa parte do gado de corte criado no Brasil<\/strong><\/div>\n<div id=\"audiome-container\" style=\"text-align: center;\">\n<div id=\"audiome-player\">\n<div id=\"audiome-button\"><\/div>\n<div id=\"audiomeProgressBar\">\n<div id=\"audiomeProgressBarItem-1\" class=\"audiomeProgressBarItem\"><\/div>\n<div id=\"audiomeProgressBarItem-2\" class=\"audiomeProgressBarItem\"><\/div>\n<div id=\"audiomeProgressBarItem-3\" class=\"audiomeProgressBarItem\"><img loading=\"lazy\" decoding=\"async\" class=\"alignnone  wp-image-110\" src=\"https:\/\/agropecuariadoreino.com.br\/wp-content\/uploads\/2023\/01\/Screenshot_20200705-114745_Instagram-290x300.jpg\" alt=\"\" width=\"129\" height=\"134\" srcset=\"https:\/\/agropecuariadoreino.com.br\/wp-content\/uploads\/2023\/01\/Screenshot_20200705-114745_Instagram-290x300.jpg 290w, https:\/\/agropecuariadoreino.com.br\/wp-content\/uploads\/2023\/01\/Screenshot_20200705-114745_Instagram-997x1030.jpg 997w, https:\/\/agropecuariadoreino.com.br\/wp-content\/uploads\/2023\/01\/Screenshot_20200705-114745_Instagram-768x793.jpg 768w, https:\/\/agropecuariadoreino.com.br\/wp-content\/uploads\/2023\/01\/Screenshot_20200705-114745_Instagram.jpg 1037w\" sizes=\"auto, (max-width: 129px) 100vw, 129px\" \/> <img loading=\"lazy\" decoding=\"async\" class=\"alignnone  wp-image-109\" src=\"https:\/\/agropecuariadoreino.com.br\/wp-content\/uploads\/2023\/01\/Screenshot_20200509-220016_Instagram-297x300.jpg\" alt=\"\" width=\"133\" height=\"135\" srcset=\"https:\/\/agropecuariadoreino.com.br\/wp-content\/uploads\/2023\/01\/Screenshot_20200509-220016_Instagram-297x300.jpg 297w, https:\/\/agropecuariadoreino.com.br\/wp-content\/uploads\/2023\/01\/Screenshot_20200509-220016_Instagram-80x80.jpg 80w, https:\/\/agropecuariadoreino.com.br\/wp-content\/uploads\/2023\/01\/Screenshot_20200509-220016_Instagram-768x777.jpg 768w, https:\/\/agropecuariadoreino.com.br\/wp-content\/uploads\/2023\/01\/Screenshot_20200509-220016_Instagram.jpg 960w\" sizes=\"auto, (max-width: 133px) 100vw, 133px\" \/> <img loading=\"lazy\" decoding=\"async\" class=\"alignnone  wp-image-112\" src=\"https:\/\/agropecuariadoreino.com.br\/wp-content\/uploads\/2023\/01\/Screenshot_20221029_221353-300x284.jpg\" alt=\"\" width=\"143\" height=\"135\" srcset=\"https:\/\/agropecuariadoreino.com.br\/wp-content\/uploads\/2023\/01\/Screenshot_20221029_221353-300x284.jpg 300w, https:\/\/agropecuariadoreino.com.br\/wp-content\/uploads\/2023\/01\/Screenshot_20221029_221353.jpg 719w\" sizes=\"auto, (max-width: 143px) 100vw, 143px\" \/><\/div>\n<div id=\"audiomeProgressBarItem-70\" class=\"audiomeProgressBarItem\"><\/div>\n<\/div>\n<\/div>\n<\/div>\n<\/div>\n<div class=\"body-blog\">\n<p style=\"text-align: center;\"><a href=\"https:\/\/bit.ly\/3fpI6a9\" target=\"_blank\" rel=\"noreferrer noopener\">Conhe\u00e7a o mais relevante evento sobre agroneg\u00f3cio do Pa\u00eds<\/a><\/p>\n<p style=\"text-align: center;\">A ra\u00e7a de gado Nelore, hoje presente em todo o territ\u00f3rio nacional, \u00e9 uma esp\u00e9cie bem-adaptada ao Brasil, pois vive facilmente no clima tropical. Derivada da esp\u00e9cie indiana Ongole, o Nelore apareceu aqui no s\u00e9culo 19 e passou por melhoramento gen\u00e9tico constante ao longo dos anos. Hoje, \u00e9 a ra\u00e7a respons\u00e1vel por aproximadamente 80% do gado de corte do Pa\u00eds.<\/p>\n<p style=\"text-align: center;\">De acordo com a Associa\u00e7\u00e3o dos Criadores de Nelore do Brasil (ACNB), a ra\u00e7a \u00e9 muito resistente ao calor brasileiro por ter a superf\u00edcie corporal maior em rela\u00e7\u00e3o ao corpo, al\u00e9m de ter mais gl\u00e2ndulas sudor\u00edparas e apresentar um metabolismo lento, o que gera menos calor.<\/p>\n<p style=\"text-align: center;\">Quando est\u00e3o expostos a temperaturas mais altas, a pele produz uma subst\u00e2ncia oleosa que funciona como repelente para insetos e parasitas, diminuindo a ocorr\u00eancia de zoonoses.<\/p>\n<h2 style=\"text-align: center;\"><strong>Principais caracter\u00edsticas do gado Nelore<\/strong><\/h2>\n<div class=\"wp-block-image\" style=\"text-align: center;\">\n<figure class=\"aligncenter\"><img loading=\"lazy\" decoding=\"async\" class=\"wp-image-40 aligncenter\" src=\"https:\/\/agropecuariadoreino.com.br\/wp-content\/uploads\/2022\/12\/WhatsApp-Image-2018-07-13-at-14.27.05-300x205.jpeg\" alt=\"\" width=\"253\" height=\"173\" srcset=\"https:\/\/agropecuariadoreino.com.br\/wp-content\/uploads\/2022\/12\/WhatsApp-Image-2018-07-13-at-14.27.05-300x205.jpeg 300w, https:\/\/agropecuariadoreino.com.br\/wp-content\/uploads\/2022\/12\/WhatsApp-Image-2018-07-13-at-14.27.05-1030x702.jpeg 1030w, https:\/\/agropecuariadoreino.com.br\/wp-content\/uploads\/2022\/12\/WhatsApp-Image-2018-07-13-at-14.27.05-768x524.jpeg 768w, https:\/\/agropecuariadoreino.com.br\/wp-content\/uploads\/2022\/12\/WhatsApp-Image-2018-07-13-at-14.27.05.jpeg 1100w\" sizes=\"auto, (max-width: 253px) 100vw, 253px\" \/><figcaption>O macho da ra\u00e7a Nelore apresenta tanto o cupim quanto o pesco\u00e7o em tons mais escuros. (Fonte: Getty Images\/ Reprodu\u00e7\u00e3o)<\/figcaption><\/figure>\n<\/div>\n<p style=\"text-align: center;\">Ap\u00f3s ser selecionado e ter passado por intensos melhoramentos gen\u00e9ticos, o gado Nelore \u00e9 um animal saud\u00e1vel, vigoroso, de temperamento normalmente d\u00f3cil, com a masculinidade e a feminilidade bastante destacadas.<\/p>\n<p style=\"text-align: center;\">O animal tem um porte que varia de m\u00e9dio para grande, com musculatura bem distribu\u00edda e compacta, tendo a ossatura caracter\u00edstica leve, mas ao mesmo tempo forte e robusta.<\/p>\n<p style=\"text-align: center;\">Normalmente, o gado Nelore tem a pelagem branca, mas h\u00e1 tamb\u00e9m os animais de tonalidade cinza-clara, al\u00e9m de outras cores geralmente malhadas, todos com pelos densos e curtos, com uma pele escura e macia por baixo. O macho tem, geralmente, o cupim e o\u00a0<a href=\"https:\/\/summitagro.estadao.com.br\/noticias-do-campo\/pelagem-pescoco-touro-nelore-escurecer\/\" target=\"_blank\" rel=\"noreferrer noopener\">pesco\u00e7o<\/a>\u00a0em tom mais escuro em rela\u00e7\u00e3o ao restante da pele.<\/p>\n<ul style=\"text-align: center;\">\n<li><span style=\"font-size: 1rem;\">A cabe\u00e7a \u00e9 estreita, em formato de ata\u00fade, e o perfil \u00e9 subconvexo, contando com chanfro reto e largo em machos e estreito e delicado em f\u00eameas. Uma caracter\u00edstica marcante da esp\u00e9cie s\u00e3o as narinas afastadas e dilatadas, com o focinho largo e preto.<\/span><\/li>\n<\/ul>\n<p style=\"text-align: center;\">As orelhas s\u00e3o sim\u00e9tricas, curtas e com suas extremidades em formato de ponta de lan\u00e7a. Os olhos s\u00e3o de formato el\u00edptico, pretos e bastante vivos. Os chifres s\u00e3o escuros, nascem para cima e podem crescer para a frente, tr\u00e1s, cima ou baixo. H\u00e1 tamb\u00e9m o tipo de ra\u00e7a Nelore chamado de mocho, que n\u00e3o tem chifres.<\/p>\n<p style=\"text-align: center;\">A musculatura do Nelore \u00e9 distinta entre os g\u00eaneros, pois o macho apresenta uma musculatura com maior desenvolvimento, enquanto a f\u00eamea tem a musculatura com menor desenvolvimento. O cupim no macho \u00e9 bastante destacado, j\u00e1 na f\u00eamea, \u00e9 discreto. As tetas da vaca s\u00e3o de tamanho m\u00e9dio e eficientes para o manuseio e a retirada do leite.<\/p>\n<h2 style=\"text-align: center;\"><strong>Como criar essa ra\u00e7a de gado de corte?<\/strong><\/h2>\n<div class=\"wp-block-image\" style=\"text-align: center;\">\n<figure class=\"aligncenter\"><img loading=\"lazy\" decoding=\"async\" class=\"wp-image-20287\" src=\"https:\/\/summitagro.estadao.com.br\/wp-content\/uploads\/2022\/10\/word-image-20284-3.jpeg\" sizes=\"auto, (max-width: 737px) 100vw, 737px\" srcset=\"https:\/\/summitagro.estadao.com.br\/wp-content\/uploads\/2022\/10\/word-image-20284-3.jpeg 737w, https:\/\/summitagro.estadao.com.br\/wp-content\/uploads\/2022\/10\/word-image-20284-3-300x193.jpeg 300w, https:\/\/summitagro.estadao.com.br\/wp-content\/uploads\/2022\/10\/word-image-20284-3-150x96.jpeg 150w\" alt=\"\" width=\"233\" height=\"150\" \/><figcaption>\u00c9 importante garantir alimenta\u00e7\u00e3o de qualidade e bastante \u00e1gua para ter animais mais fortes e saud\u00e1veis. (Fonte: Getty Images\/Reprodu\u00e7\u00e3o)<\/figcaption><\/figure>\n<\/div>\n<p style=\"text-align: center;\">Para desenvolver a bovinocultura de corte, \u00e9 preciso passar o rebanho pelas fases de cria, recria e engorda.<\/p>\n<p style=\"text-align: center;\">A primeira fase, chamada de cria, compreende desde o acasalamento at\u00e9 o momento em que o bezerro \u00e9 desmamado, algo que acontece quando o animal est\u00e1 com aproximadamente 6 meses a 8 meses de idade.<\/p>\n<p style=\"text-align: center;\">Para que o animal se desenvolva saud\u00e1vel \u00e9 forte, \u00e9 crucial garantir que o bezerro tenha a mamada do colostro, aumentando assim a imunidade e as chances de ele ser mais forte e um reprodutor melhor. Outro ponto fundamental \u00e9 a cura do umbigo, pois o local pode gerar diversas infec\u00e7\u00f5es e comprometer a sa\u00fade do animal ou at\u00e9 mesmo ser fatal.<\/p>\n<p style=\"text-align: center;\">A segunda fase, chamada de recria, \u00e9 o per\u00edodo em que o animal come\u00e7a a se alimentar de comida s\u00f3lida. \u00c9 preciso dar muita aten\u00e7\u00e3o a essa fase, escolhendo bem a pastagem, o\u00a0cocho\u00a0e dando acesso \u00e0 \u00e1gua em abund\u00e2ncia. A falta de alimenta\u00e7\u00e3o pode prejudicar a produtividade do gado e, \u00e0s vezes, ser\u00e1 importante recorrer \u00e0s\u00a0suplementa\u00e7\u00f5es\u00a0para garantir as necessidades nutricionais do boi.<\/p>\n<p style=\"text-align: center;\">A terceira fase, da engorda, \u00e9 o momento em que os animais s\u00e3o desenvolvidos para ganhar peso, conseguindo produzir carnes em maior quantidade e qualidade. Assim como na fase da recria, a alimenta\u00e7\u00e3o na engorda \u00e9 fundamental, pois \u00e9 a dieta que vai ditar o quanto esse animal poder\u00e1 alcan\u00e7ar o seu rendimento m\u00e1ximo.<\/p>\n<p style=\"text-align: center;\">Tamb\u00e9m \u00e9 importante ter um especialista acompanhando a cria\u00e7\u00e3o e, para a evolu\u00e7\u00e3o do gado Nelore, a dieta precisa estar balanceada e o animal deve ficar livre de doen\u00e7as.<\/p>\n<\/div>\n","protected":false},"excerpt":{"rendered":"<p>Nelore: tudo o que voc\u00ea precisa saber sobre a ra\u00e7a A ra\u00e7a bovina Nelore representa boa parte do gado de corte criado no Brasil Conhe\u00e7a o mais relevante evento sobre agroneg\u00f3cio do Pa\u00eds A ra\u00e7a de gado Nelore, hoje presente em todo o territ\u00f3rio nacional, \u00e9 uma esp\u00e9cie bem-adaptada ao Brasil, pois vive facilmente no &hellip; <\/p>\n<p class=\"link-more\"><a href=\"https:\/\/agropecuariadoreino.com.br\/?page_id=52\" class=\"more-link\">Continue lendo<span class=\"screen-reader-text\"> &#8220;Nelore&#8221;<\/span><\/a><\/p>\n","protected":false},"author":1,"featured_media":0,"parent":0,"menu_order":0,"comment_status":"closed","ping_status":"closed","template":"","meta":{"footnotes":""},"class_list":["post-52","page","type-page","status-publish","hentry"],"_links":{"self":[{"href":"https:\/\/agropecuariadoreino.com.br\/index.php?rest_route=\/wp\/v2\/pages\/52","targetHints":{"allow":["GET"]}}],"collection":[{"href":"https:\/\/agropecuariadoreino.com.br\/index.php?rest_route=\/wp\/v2\/pages"}],"about":[{"href":"https:\/\/agropecuariadoreino.com.br\/index.php?rest_route=\/wp\/v2\/types\/page"}],"author":[{"embeddable":true,"href":"https:\/\/agropecuariadoreino.com.br\/index.php?rest_route=\/wp\/v2\/users\/1"}],"replies":[{"embeddable":true,"href":"https:\/\/agropecuariadoreino.com.br\/index.php?rest_route=%2Fwp%2Fv2%2Fcomments&post=52"}],"version-history":[{"count":3,"href":"https:\/\/agropecuariadoreino.com.br\/index.php?rest_route=\/wp\/v2\/pages\/52\/revisions"}],"predecessor-version":[{"id":161,"href":"https:\/\/agropecuariadoreino.com.br\/index.php?rest_route=\/wp\/v2\/pages\/52\/revisions\/161"}],"wp:attachment":[{"href":"https:\/\/agropecuariadoreino.com.br\/index.php?rest_route=%2Fwp%2Fv2%2Fmedia&parent=52"}],"curies":[{"name":"wp","href":"https:\/\/api.w.org\/{rel}","templated":true}]}}