{"id":71,"date":"2022-12-29T00:06:25","date_gmt":"2022-12-29T00:06:25","guid":{"rendered":"https:\/\/agropecuariadoreino.com.br\/?page_id=71"},"modified":"2023-01-03T20:10:40","modified_gmt":"2023-01-03T23:10:40","slug":"mangalarga","status":"publish","type":"page","link":"https:\/\/agropecuariadoreino.com.br\/?page_id=71","title":{"rendered":"Mangalarga"},"content":{"rendered":"<p style=\"text-align: center;\" align=\"justify\"><span class=\"style4 style13\"><u><img loading=\"lazy\" decoding=\"async\" class=\"alignnone wp-image-113\" src=\"https:\/\/agropecuariadoreino.com.br\/wp-content\/uploads\/2023\/01\/Screenshot_20221030_193742-300x300.jpg\" alt=\"\" width=\"122\" height=\"122\" srcset=\"https:\/\/agropecuariadoreino.com.br\/wp-content\/uploads\/2023\/01\/Screenshot_20221030_193742-300x300.jpg 300w, https:\/\/agropecuariadoreino.com.br\/wp-content\/uploads\/2023\/01\/Screenshot_20221030_193742-80x80.jpg 80w, https:\/\/agropecuariadoreino.com.br\/wp-content\/uploads\/2023\/01\/Screenshot_20221030_193742-100x100.jpg 100w, https:\/\/agropecuariadoreino.com.br\/wp-content\/uploads\/2023\/01\/Screenshot_20221030_193742.jpg 719w\" sizes=\"auto, (max-width: 122px) 100vw, 122px\" \/> <img loading=\"lazy\" decoding=\"async\" class=\"alignnone wp-image-111\" src=\"https:\/\/agropecuariadoreino.com.br\/wp-content\/uploads\/2023\/01\/Screenshot_20201119-204916_Facebook-300x300.jpg\" alt=\"\" width=\"125\" height=\"125\" srcset=\"https:\/\/agropecuariadoreino.com.br\/wp-content\/uploads\/2023\/01\/Screenshot_20201119-204916_Facebook-300x300.jpg 300w, https:\/\/agropecuariadoreino.com.br\/wp-content\/uploads\/2023\/01\/Screenshot_20201119-204916_Facebook-1028x1030.jpg 1028w, https:\/\/agropecuariadoreino.com.br\/wp-content\/uploads\/2023\/01\/Screenshot_20201119-204916_Facebook-80x80.jpg 80w, https:\/\/agropecuariadoreino.com.br\/wp-content\/uploads\/2023\/01\/Screenshot_20201119-204916_Facebook-768x769.jpg 768w, https:\/\/agropecuariadoreino.com.br\/wp-content\/uploads\/2023\/01\/Screenshot_20201119-204916_Facebook-100x100.jpg 100w, https:\/\/agropecuariadoreino.com.br\/wp-content\/uploads\/2023\/01\/Screenshot_20201119-204916_Facebook.jpg 1080w\" sizes=\"auto, (max-width: 125px) 100vw, 125px\" \/> <img loading=\"lazy\" decoding=\"async\" class=\"alignnone wp-image-117\" src=\"https:\/\/agropecuariadoreino.com.br\/wp-content\/uploads\/2023\/01\/Screenshot_20221211_222005-300x174.jpg\" alt=\"\" width=\"213\" height=\"123\" srcset=\"https:\/\/agropecuariadoreino.com.br\/wp-content\/uploads\/2023\/01\/Screenshot_20221211_222005-300x174.jpg 300w, https:\/\/agropecuariadoreino.com.br\/wp-content\/uploads\/2023\/01\/Screenshot_20221211_222005.jpg 682w\" sizes=\"auto, (max-width: 213px) 100vw, 213px\" \/><\/u><\/span><\/p>\n<p style=\"text-align: center;\" align=\"justify\"><span class=\"style4 style13\"><u>O CAVALO MANGALARGA<\/u><\/span><\/p>\n<p style=\"text-align: center;\">Com essa denomina\u00e7\u00e3o, tornou-se famosa uma popula\u00e7\u00e3o equina, no sul de Minas Gerais, lim\u00edtrofe com S\u00e3o Paulo, na primeira d\u00e9cada do s\u00e9culo passado. Posteriormente membros da fam\u00edlia JUNQUEIRA, respons\u00e1veis por essa cria\u00e7\u00e3o, mudaram-se para o Estado de S\u00e3o Paulo e com eles trouxeram sua montarias. A famosa ra\u00e7a de equinos logo contagiou os Paulistas, que adotaram e a disseminaram por todo o Estado de S\u00e3o Paulo e Estados vizinhos. Tra\u00e7ar um hist\u00f3rico da ra\u00e7a Mangalarga equivale narrar a hist\u00f3ria da fam\u00edlia JUNQUEIRA. Foram eles os forjadores da Ra\u00e7a, seus primeiros criadores.O in\u00edcio da sele\u00e7\u00e3o da Ra\u00e7a Mangalarga deu-se em 1812 na fazenda Campo Alegre, em Baependi, hoje munic\u00edpio de Cruz\u00edlia, onde o Bar\u00e3o de Alfenas instalou-se. Consta, ainda que nesta data, teria o Bar\u00e3o recebido de presente do Princ\u00edpe Regente D.Jo\u00e3o VI um cavalo \u00c1lter, que passou a usar como garanh\u00e3o em suas \u00e9guas. Os animais oriundos destes acasalamentos se constitu\u00edram nos formadores da Ra\u00e7a Mangalarga. Origem, denomina\u00e7\u00e3o e forma\u00e7\u00e3o da ra\u00e7a.<\/p>\n<p style=\"text-align: center;\">A Ra\u00e7a nacional Mangalarga tem como formador principal o cavalo \u00c1lter de Portugal. Provavelmente foi Napole\u00e3o Bonaparte, ao invadir Portugal, obrigando Dom Jo\u00e3o VI a mudar-se com a corte para o Brasil, quem primeiro contribuiu para a forma\u00e7\u00e3o desta ra\u00e7a. Com Dom Jo\u00e3o VI vieram tamb\u00e9m os melhores esp\u00e9cimes da ra\u00e7a \u00c1lter da Coudelaria Real de \u00c1lter do Ch\u00e3o. Se o principal formador do cavalo Mangalarga \u00e9 o cavalo \u00c1lter de Portugal, entretanto no in\u00edcio deste s\u00e9culo, muitos criadores introduziram, esporadicamente, no Mangalarga, as ra\u00e7as \u00c1rabe, Anglo \u00c1rabe, Puro Sangue Ingl\u00eas e American Sadle Horse. N\u00e3o somos nem a favor nem contra ao que foi feito. O fato \u00e9 que hoje j\u00e1 dispomos de um n\u00famero elevado de cavalos de alto valor zoot\u00e9cnico, que nada perde para outras ra\u00e7as estrangeiras, portanto, n\u00e3o nos cabe mais analisar o caminho seguido para consegui-lo. Somos no entanto virtualmente contra cruzamentos com ra\u00e7as ex\u00f3ticas, no p\u00e9 em que estamos. Muito pouco temos a ganhar com eles, uma vez que temos mais de cem anos de sele\u00e7\u00e3o de marcha trotada, resist\u00eancia e rusticidade a arriscar.<\/p>\n<p><u>ASSOCIA\u00c7\u00c3O &#8211; FUNDA\u00c7\u00c3O E HIST\u00d3RICO<\/u><\/p>\n<p style=\"text-align: center;\">Como foi dito, o Cavalo Mangalarga foi trazido do sul de Minas para S\u00e3o Paulo por volta de 1812. Entretanto desde sua introdu\u00e7\u00e3o em terras Bandeirantes at\u00e9 a funda\u00e7\u00e3o da A.C.C.R. Mangalarga, cada criador orientava-se pelos seus pr\u00f3prios crit\u00e9rios, agindo isoladamente, constituindo-se em energias dispersas. Em 1928,o zoot\u00e9cnisita Paulo de Lima Corr\u00eaa, atrav\u00e9s de um profundo estudo lan\u00e7ou as bases da caracteriza\u00e7\u00e3o do cavalo Mangalarga. Entusiasmado com a dedica\u00e7\u00e3o do t\u00e9cnico, dois criadores paulistas, Dr. Celso Torquato Junqueira e Renato Junqueira Neto, reuniram um grupo de criadores com a finalidade de definirem os crit\u00e9rios a serem usados na sua sele\u00e7\u00e3o.<\/p>\n<p style=\"text-align: center;\">A comiss\u00e3o organizadora, de dez membros, ficou assim constitu\u00edda:<\/p>\n<p style=\"text-align: center;\">Eduardo Ralston, Gabriel Jorge Franco, Paulo de Lima Corr\u00eaa, Agusto de Oliveira Lopes, Celso Torquato Junqueira, Renato Junqueira Neto, Humberto S.Pereira Lima, Saulo Junqueira Franco, Antonio Uch\u00f4a Filho, Antonio Junqueira Franco.<\/p>\n<p style=\"text-align: center;\">Esta comiss\u00e3o atrav\u00e9s de sucessivas reuni\u00f5es, elaborou o anteprojeto dos estatutos que seria apresentado \u00e0 Assembleia Geral convocada para a funda\u00e7\u00e3o da A.C.C.R.M.<br \/>\nEm 25 de setembro de 1934, na cidade de S\u00e3o Paulo, \u00e0s quinze horas, na sede da Associa\u00e7\u00e3o Herde Book Caracu, sita \u00e0 Av.\u00c1gua Branca, 53, instalou-se a Assemb\u00e9ia especialmente convocada com o fim de se fundar o registro geneal\u00f3gico do CAVALO MANGALARGA, foi eleita a Primeira Diretoria, que ficou assim formada:<\/p>\n<p style=\"text-align: center;\">Presidente : Renato Junqueira Neto<br \/>\n1.Vice-Presidente : Eduardo Ralston<br \/>\n2. Vice-Presidente : Gabriel Jorge Franco<br \/>\n1. Secret\u00e1rio: Augusto Oliveira Lopes<br \/>\n2. Secret\u00e1rio: Dr. Otto Stephan<br \/>\nTesoureiro : Celso Torquato Junqueira<\/p>\n<p style=\"text-align: center;\" align=\"justify\"><span class=\"style4 style13\"><span class=\"style10\"><u>POL\u00cdTICA E SELE\u00c7\u00c3O<\/u>:<br \/>\n<\/span><\/span><\/p>\n<p style=\"text-align: center;\" align=\"justify\"><span class=\"style4 style13\"><span class=\"style10\">Sempre com alguma coisa em comum, no desenrolar da hist\u00f3ria, seja ela do homem ou do cavalo, as grandes mudan\u00e7as se revelaram inevitavelmente ligadas a conceitos pol\u00edticos, econ\u00f4micos e sociais da \u00e9poca.<br \/>\n<\/span><\/span><\/p>\n<p style=\"text-align: center;\" align=\"justify\"><span class=\"style4 style13\"><span class=\"style10\">Se Portugal n\u00e3o tivesse ligado politicamente ao Brasil na \u00e9poca da invas\u00e3o de Napole\u00e3o, talvez D.Jo\u00e3o VI n\u00e3o tivesse vindo para c\u00e1, trazendo seus cavalos.<br \/>\n<\/span><\/span><\/p>\n<p style=\"text-align: center;\" align=\"justify\"><span class=\"style4 style9 style11\">Os Junqueira se alinham ao PRP e come\u00e7am a desencadear-se v\u00e1rias mudan\u00e7as envolvendo o nascimento da Ra\u00e7a Mangalarga e a &#8220;rivalidade&#8221; entre Mineiros e Paulistas.<\/span><\/p>\n<p style=\"text-align: center;\"><span class=\"style10\"><br \/>\n<em>Fonte: Mangalarga e o cavalo de sela brasileiro de Fausto Sim\u00f5es cedido por Dr.Jo\u00e3o Batista S.Quadros &#8211; Dr.Pedro Luiz Grasso &#8211; Elisabeth Seixas &#8211; Roseli Rebecchi e Revista Ra\u00e7a Mangalarga<\/em><\/span><\/p>\n<p>&nbsp;<\/p>\n","protected":false},"excerpt":{"rendered":"<p>O CAVALO MANGALARGA Com essa denomina\u00e7\u00e3o, tornou-se famosa uma popula\u00e7\u00e3o equina, no sul de Minas Gerais, lim\u00edtrofe com S\u00e3o Paulo, na primeira d\u00e9cada do s\u00e9culo passado. Posteriormente membros da fam\u00edlia JUNQUEIRA, respons\u00e1veis por essa cria\u00e7\u00e3o, mudaram-se para o Estado de S\u00e3o Paulo e com eles trouxeram sua montarias. A famosa ra\u00e7a de equinos logo contagiou &hellip; <\/p>\n<p class=\"link-more\"><a href=\"https:\/\/agropecuariadoreino.com.br\/?page_id=71\" class=\"more-link\">Continue lendo<span class=\"screen-reader-text\"> &#8220;Mangalarga&#8221;<\/span><\/a><\/p>\n","protected":false},"author":1,"featured_media":0,"parent":0,"menu_order":0,"comment_status":"closed","ping_status":"closed","template":"","meta":{"footnotes":""},"class_list":["post-71","page","type-page","status-publish","hentry"],"_links":{"self":[{"href":"https:\/\/agropecuariadoreino.com.br\/index.php?rest_route=\/wp\/v2\/pages\/71","targetHints":{"allow":["GET"]}}],"collection":[{"href":"https:\/\/agropecuariadoreino.com.br\/index.php?rest_route=\/wp\/v2\/pages"}],"about":[{"href":"https:\/\/agropecuariadoreino.com.br\/index.php?rest_route=\/wp\/v2\/types\/page"}],"author":[{"embeddable":true,"href":"https:\/\/agropecuariadoreino.com.br\/index.php?rest_route=\/wp\/v2\/users\/1"}],"replies":[{"embeddable":true,"href":"https:\/\/agropecuariadoreino.com.br\/index.php?rest_route=%2Fwp%2Fv2%2Fcomments&post=71"}],"version-history":[{"count":6,"href":"https:\/\/agropecuariadoreino.com.br\/index.php?rest_route=\/wp\/v2\/pages\/71\/revisions"}],"predecessor-version":[{"id":123,"href":"https:\/\/agropecuariadoreino.com.br\/index.php?rest_route=\/wp\/v2\/pages\/71\/revisions\/123"}],"wp:attachment":[{"href":"https:\/\/agropecuariadoreino.com.br\/index.php?rest_route=%2Fwp%2Fv2%2Fmedia&parent=71"}],"curies":[{"name":"wp","href":"https:\/\/api.w.org\/{rel}","templated":true}]}}